{"id":9,"date":"2023-12-01T15:40:41","date_gmt":"2023-12-01T14:40:41","guid":{"rendered":"http:\/\/dev.brotherfilms.fr\/?page_id=9"},"modified":"2025-11-28T15:56:31","modified_gmt":"2025-11-28T14:56:31","slug":"catalogue","status":"publish","type":"page","link":"https:\/\/www.brotherfilms.fr\/en\/","title":{"rendered":"PRODUCTIONS"},"content":{"rendered":"<div class=\"wp-block-columns alignwide is-layout-flex wp-container-core-columns-is-layout-28f84493 wp-block-columns-is-layout-flex\">\n<div class=\"wp-block-column is-layout-flow wp-block-column-is-layout-flow\" style=\"flex-basis:80%\">\n<h2 class=\"wp-block-heading has-text-align-left has-text-color\" style=\"color:#8dc0fc;font-size:clamp(24.526px, 1.533rem + ((1vw - 3.2px) * 1.872), 41px);line-height:1.2\">Breaking In: HEC<\/h2>\n\n\n\n<p class=\"has-text-align-left has-small-font-size\">After an ultra-selective entrance exam, Isabelle, Tom, and Victor have just been admitted to HEC. But at a school that has trained ministers, CAC 40 CEOs, and even a former French president, the three students stand out.<\/p>\n\n\n\n<p class=\"has-text-align-left has-small-font-size\">Their parents are fishmongers, postmen, circus performers\u2026 Often the first in their families to pursue higher education, they arrive at HEC to face a brutal change of world\u2014one with unwritten rules, inherited networks, and codes they were never taught.<\/p>\n\n\n\n<p class=\"has-text-align-left has-small-font-size\">At 20, how do you find your place when you\u2019re thrown into a universe whose language you don\u2019t speak\u2014yet that promises to shape your entire future?<\/p>\n\n\n\n<p class=\"has-text-align-left\" style=\"font-size:0.7rem\">Directed by <strong>Camille Poulain et Jules Giraudat<\/strong><br>Produced by&nbsp;<strong>Emmanuel Fran\u00e7ois<\/strong> et <strong>Alice Mansion<\/strong><br>Editng <strong>Mathieu Goasguen<\/strong><br>Music <strong>David Enfrein<\/strong><br>Graphic design&nbsp;<strong>\u00c9lise Desmars-Castillo <\/strong><br>Mixing &amp; sound designing&nbsp;<strong>David Lassalle<\/strong><br>Grading <strong>R\u00e9mi Nonne<\/strong><br><br>A co-production <strong>Brotherfilms<\/strong> et <strong>ARTE France<\/strong>, with the participation of <strong>Public S\u00e9nat<\/strong>, <br><strong>La R\u00e9gion Provence-Alpes-C\u00f4te d\u2019Azur,<\/strong> le <strong>Centre national du cin\u00e9ma et de l\u2019image anim\u00e9e<\/strong>&nbsp;et le soutien de&nbsp;<strong>La PROCIREP \u2013 Soci\u00e9t\u00e9 des producteurs<\/strong>, de&nbsp;<strong>L\u2019ANGOA<\/strong><br><br><strong>\u00a9 Brotherfilms \u2013 2025<\/strong><\/p>\n<\/div>\n\n\n\n<div class=\"wp-block-column is-layout-flow wp-block-column-is-layout-flow\" style=\"flex-basis:66.66%\">\n<figure class=\"wp-block-image alignleft size-full is-style-default\"><img loading=\"lazy\" decoding=\"async\" width=\"1131\" height=\"1600\" src=\"https:\/\/www.brotherfilms.fr\/wp-content\/uploads\/2025\/09\/PHOTO-2025-09-19-14-21-24.jpg\" alt=\"\" class=\"wp-image-312\" srcset=\"https:\/\/www.brotherfilms.fr\/wp-content\/uploads\/2025\/09\/PHOTO-2025-09-19-14-21-24.jpg 1131w, https:\/\/www.brotherfilms.fr\/wp-content\/uploads\/2025\/09\/PHOTO-2025-09-19-14-21-24-212x300.jpg 212w, https:\/\/www.brotherfilms.fr\/wp-content\/uploads\/2025\/09\/PHOTO-2025-09-19-14-21-24-724x1024.jpg 724w, https:\/\/www.brotherfilms.fr\/wp-content\/uploads\/2025\/09\/PHOTO-2025-09-19-14-21-24-768x1086.jpg 768w, https:\/\/www.brotherfilms.fr\/wp-content\/uploads\/2025\/09\/PHOTO-2025-09-19-14-21-24-1086x1536.jpg 1086w\" sizes=\"auto, (max-width: 1131px) 100vw, 1131px\" \/><\/figure>\n<\/div>\n<\/div>\n\n\n\n<div style=\"height:40px\" aria-hidden=\"true\" class=\"wp-block-spacer\"><\/div>\n\n\n\n<div class=\"wp-block-columns alignwide is-layout-flex wp-container-core-columns-is-layout-28f84493 wp-block-columns-is-layout-flex\">\n<div class=\"wp-block-column is-layout-flow wp-block-column-is-layout-flow\" style=\"flex-basis:66.66%\">\n<figure class=\"wp-block-image alignleft size-large is-style-default\"><img decoding=\"async\" src=\"https:\/\/www.brotherfilms.fr\/wp-content\/uploads\/2024\/12\/HAVANA_AFFICHE-V1f-724x1024.png\" alt=\"\" class=\"wp-image-243\"\/><\/figure>\n<\/div>\n\n\n\n<div class=\"wp-block-column is-layout-flow wp-block-column-is-layout-flow\" style=\"flex-basis:80%\">\n<h2 class=\"wp-block-heading has-text-align-left has-text-color has-link-color wp-elements-c21e2ec894e4366145dd3bf3cae04342\" style=\"color:#124b90;font-size:clamp(24.526px, 1.533rem + ((1vw - 3.2px) * 1.872), 41px);line-height:1.2\">HAVANA SYNDROME&nbsp;<\/h2>\n\n\n\n<p class=\"has-text-align-left has-small-font-size\">Since 2016, hundreds of American diplomats and intelligence officers have been targeted by a strange phenomenon: they heard a piercing sound and felt as though their skulls were about to explode. Many have been left with irreversible aftereffects\u2014yet no one has been able to explain what happened to them.&nbsp;<\/p>\n\n\n\n<p class=\"has-text-align-left has-small-font-size\">This story reads like a spy thriller. Yet it is all too real, striking methodically from Havana\u2026 to Berlin, London, Moscow\u2014and even Washington.&nbsp;<\/p>\n\n\n\n<p class=\"has-text-align-left\" style=\"font-size:0.7rem\">Un s\u00e9rie de<strong>&nbsp;Arthur Bouvart&nbsp;<\/strong>et<strong>&nbsp;Jules Giraudat<\/strong><br>Produced by&nbsp;<strong>Emmanuel Fran\u00e7ois <\/strong>et<strong> Alice Mansion<\/strong><br>D.O.P.<strong>&nbsp;Christophe Astruc, Thibault Delavigne&nbsp;<\/strong>et<strong>&nbsp;Julien Mauranne<\/strong>&nbsp;<br>Editng <strong><strong>Bruno Joucla&nbsp;<\/strong><\/strong><br>Collaboration \u00e0 l\u2019\u00e9criture<strong>&nbsp;Louis P\u00e9nicaut<\/strong><br>Music&nbsp;<strong><strong>Jimmy Whoo<\/strong><\/strong><br>Documentaliste&nbsp;<strong><strong>M\u00e9lissa Dubois&nbsp;<\/strong><\/strong><br>Montage son et mixage&nbsp;<strong>David Lassalle&nbsp;<\/strong><br>Grading<strong>&nbsp;R\u00e9mi Nonne&nbsp;<\/strong><br>Graphic design<strong>&nbsp;J\u00e9r\u00f4me Letu\u00e9<\/strong><br><br>Une cr\u00e9ation documentaire&nbsp;<strong>Canal+<\/strong>&nbsp;avec la participation du&nbsp;<strong>Centre national du cin\u00e9ma et de l\u2019image anim\u00e9e<\/strong>, le soutien de la&nbsp;<strong>R\u00e9gion \u00cele de France,<\/strong>&nbsp;la&nbsp;<strong>PROCIREP<\/strong>&nbsp;\u2013 Soci\u00e9t\u00e9 des producteurs, de&nbsp;<strong>l\u2019ANGOA<\/strong><br>Avec la collaboration d\u2019<strong>ICI RDI&nbsp;<\/strong>et la participation de&nbsp;<strong>HOT8<\/strong>&nbsp;et&nbsp;<strong>Asharq Documentary<\/strong><br>Ventes internationale&nbsp;<strong>ARTE Distribution<\/strong><br><strong>\u00a9 Brotherfilms \u2013 2024<\/strong><\/p>\n<\/div>\n<\/div>\n\n\n\n<div style=\"height:40px\" aria-hidden=\"true\" class=\"wp-block-spacer\"><\/div>\n\n\n\n<div class=\"wp-block-columns alignwide is-layout-flex wp-container-core-columns-is-layout-28f84493 wp-block-columns-is-layout-flex\">\n<div class=\"wp-block-column is-layout-flow wp-block-column-is-layout-flow\" style=\"flex-basis:80%\">\n<h2 class=\"wp-block-heading has-text-align-left has-text-color\" style=\"color:#b82828b8;font-size:clamp(24.526px, 1.533rem + ((1vw - 3.2px) * 1.872), 41px);line-height:1.2\">MIA FARROW, LIGHTS AND SHADOW<\/h2>\n\n\n\n<p class=\"has-text-align-left has-small-font-size\">Muse, mother, saint, victim, demon, fury\u2026 She has been cast in every role, on screen as in life.&nbsp;<\/p>\n\n\n\n<p class=\"has-small-font-size\">From the impish, innocent face of her early years to the humanitarian activist of the past few decades, Mia Farrow\u2019s story is that of a vibrant actress whose filmography has helped shape the contours of a certain femininity\u2014one staged through the gaze of great filmmakers, oscillating between purity and madness.&nbsp;<\/p>\n\n\n\n<p class=\"has-text-align-left\" style=\"font-size:0.7rem\">Directed <strong><strong>Thierry Guedj et Alice Mansion&nbsp;<\/strong><\/strong><br>Directed by <strong>Thierry Guedj&nbsp;<\/strong><br>Produced by&nbsp;<strong>Emmanuel Fran\u00e7ois<\/strong><br>Editng <strong>St\u00e9phanie Mahet<\/strong><br>Music <strong>Antoine Berjeaut<\/strong><br>Documentaliste <strong><strong>Marie-H\u00e9l\u00e8ne Barb\u00e9ris<\/strong><\/strong><br>Narration <strong><strong>Elsa Lepoivre de la Com\u00e9die Fran\u00e7aise <\/strong><\/strong>et<strong><strong> L\u00e9onie Simaga<\/strong><\/strong><br>Grading <strong>Guillermo Fernandez<\/strong><br>Graphic design&nbsp;<strong>J\u00e9r\u00f4me Letu\u00e9<\/strong><br>Mixing &amp; sound designing&nbsp;<strong>David Lassalle<\/strong><br>Grading <strong>Mathilde Delacroix<\/strong><br><br>Une coproduction Brotherfilms et ARTE France, avec la participation du&nbsp;<strong>Centre national du cin\u00e9ma et de l\u2019image anim\u00e9e<\/strong>&nbsp;et le soutien de&nbsp;<strong>La PROCIREP \u2013 Soci\u00e9t\u00e9 des producteurs<\/strong>, de&nbsp;<strong>L\u2019ANGOA<\/strong><br>Ventes internationales&nbsp;<strong>ARTE Distribution<\/strong><br><strong>\u00a9 Brotherfilms \u2013 2024<\/strong><\/p>\n<\/div>\n\n\n\n<div class=\"wp-block-column is-layout-flow wp-block-column-is-layout-flow\" style=\"flex-basis:66.66%\">\n<figure class=\"wp-block-image alignleft size-full is-style-default\"><img decoding=\"async\" src=\"https:\/\/www.brotherfilms.fr\/wp-content\/uploads\/2025\/04\/MIA-FARROW_AFFICHE-4.jpg\" alt=\"\" class=\"wp-image-304\"\/><\/figure>\n<\/div>\n<\/div>\n\n\n\n<div style=\"height:40px\" aria-hidden=\"true\" class=\"wp-block-spacer\"><\/div>\n\n\n\n<div class=\"wp-block-columns alignwide is-layout-flex wp-container-core-columns-is-layout-28f84493 wp-block-columns-is-layout-flex\">\n<div class=\"wp-block-column is-layout-flow wp-block-column-is-layout-flow\" style=\"flex-basis:66.66%\">\n<figure class=\"wp-block-image alignleft size-full is-style-default\"><img decoding=\"async\" src=\"https:\/\/www.brotherfilms.fr\/wp-content\/uploads\/2025\/04\/AFFICHE_V9-2.png\" alt=\"\" class=\"wp-image-297\"\/><\/figure>\n<\/div>\n\n\n\n<div class=\"wp-block-column is-layout-flow wp-block-column-is-layout-flow\" style=\"flex-basis:80%\">\n<h2 class=\"wp-block-heading has-text-align-left has-secondary-color has-text-color has-link-color wp-elements-46c8d4977c9961aeed82dd0f3ad4fca1\" style=\"font-size:clamp(24.526px, 1.533rem + ((1vw - 3.2px) * 1.872), 41px);line-height:1.2\">HAITI: THE RANSOM OF INDEPENDENCE<\/h2>\n\n\n\n<p class=\"has-text-align-left has-small-font-size\">It is a hidden chapter in France\u2019s history. Haiti was the first modern nation to win its independence through a slave revolt\u2014only to be financially shackled for generations by reparations demanded for the benefit of former French colonists. The amount that was paid has remained a mystery to this day. And this story is still largely unknown.<\/p>\n\n\n\n<p class=\"has-text-align-left\" style=\"font-size:0.7rem\">Directed <strong>Wandrille Lanos&nbsp;<\/strong><br>Produced by&nbsp;<strong>Emmanuel Fran\u00e7ois<\/strong>&nbsp;et&nbsp;<strong>Alice Mansion<\/strong>&nbsp;<br>Editng <strong>Mich\u00e8le Hollander<\/strong><br>D.O.P.<strong>&nbsp;Mathieu Mondoulet&nbsp;<\/strong><br>Music&nbsp;<strong>Antoine Berjeaut<\/strong><br>Documentaliste&nbsp;<strong>Marie-H\u00e9l\u00e8ne Barb\u00e9ris<\/strong><br>Narration&nbsp;<strong>Astrid Bayiha<\/strong><br>Graphic design&nbsp;<strong>Romain \u00c9g\u00e9a<\/strong><br>Sound design&nbsp;<strong>Fr\u00e9d\u00e9ric Commault<\/strong><br>Mixing&nbsp;<strong>Georges Lafitte<\/strong><br>Grading<strong>&nbsp;Vanessa Colombel<\/strong><br><br>With the participation of&nbsp;<strong>France T\u00e9l\u00e9visions et TV5 Monde<\/strong>, avec le soutien de la&nbsp;<strong>R\u00e9gion \u00cele de France<\/strong>, avec la participation du&nbsp;<strong>Centre national du cin\u00e9ma et de l\u2019image anim\u00e9e<\/strong>&nbsp;et du&nbsp;<strong>Fonds Image de la diversit\u00e9<\/strong> <strong>&#8211; Agence Nationale de la Coh\u00e9sion des territoires<\/strong><br><strong>\u00a9 Brotherfilms \u2013 2024<\/strong><\/p>\n<\/div>\n<\/div>\n\n\n\n<div style=\"height:40px\" aria-hidden=\"true\" class=\"wp-block-spacer\"><\/div>\n\n\n\n<div class=\"wp-block-columns alignwide is-layout-flex wp-container-core-columns-is-layout-28f84493 wp-block-columns-is-layout-flex\">\n<div class=\"wp-block-column is-layout-flow wp-block-column-is-layout-flow\" style=\"flex-basis:80%\">\n<h2 class=\"wp-block-heading has-text-align-left has-text-color\" style=\"color:#1f308f;font-size:clamp(24.526px, 1.533rem + ((1vw - 3.2px) * 1.872), 41px);line-height:1.2\">TAIWAN: A FORBIDDEN NATION<\/h2>\n\n\n\n<p class=\"has-text-align-left has-small-font-size\">Taiwan is one of the hottest flashpoints in global geopolitics. The risk of a Chinese invasion grows more real by the day.<br><br>Why has Taiwan, in recent years, become the object of so much attention and desire? How does the forging of a Taiwanese identity both irritate Beijing and serve as a bulwark against the hegemonic ambitions of its Chinese neighbor? And what future awaits this territory\u2014indispensable to the functioning of the world\u2014which could soon become the stage for a new war?<\/p>\n\n\n\n<p class=\"has-text-align-left\" style=\"font-size:0.7rem\">Directed <strong>Wandrille Lanos<\/strong><br>Produced by <strong>Emmanuel Fran\u00e7ois<\/strong> et <strong>Alice Mansion<\/strong><br>D.O.P. <strong>Rammohan Pateriya <\/strong>et <strong>Julien Mauranne<\/strong><br>Editng <strong>Mathieu Goasguen<\/strong><br>Music <strong>Antoine Berjeau<\/strong>t<br>Documentaliste <strong>Karim Kamrani<\/strong><br>Narration <strong>Sarah Jane Sauvegrain<\/strong><br>Grading <strong>Guillermo Fernandez<\/strong><br>Sound design <strong>Fr\u00e9d\u00e9ric Commault<\/strong><br>Mixing <strong>Georges Lafitte<\/strong><br><br>With the participation of <strong>France T\u00e9l\u00e9visions<\/strong>, avec le soutien de la <strong>R\u00e9gion \u00cele-de-France<\/strong> et de <strong>La PROCIREP \u2013 Soci\u00e9t\u00e9 des producteurs<\/strong>, de <strong>L\u2019ANGOA<\/strong><br>And the participation of <strong>Centre national du cin\u00e9ma et de l\u2019image anim\u00e9e<\/strong><br>International sales <strong>Mediawan Rights<\/strong><br><strong>\u00a9 Brotherfilms \u2013 2023<\/strong><\/p>\n<\/div>\n\n\n\n<div class=\"wp-block-column is-layout-flow wp-block-column-is-layout-flow\" style=\"flex-basis:66.66%\">\n<figure class=\"wp-block-image alignleft size-large is-style-default\"><img decoding=\"async\" src=\"https:\/\/brotherfilmsfr.files.wordpress.com\/2023\/04\/taiwan_affiche_site-basse-def.jpg?w=661\" alt=\"\" class=\"wp-image-277\"\/><\/figure>\n<\/div>\n<\/div>\n\n\n\n<div style=\"height:40px\" aria-hidden=\"true\" class=\"wp-block-spacer\"><\/div>\n\n\n\n<div class=\"wp-block-columns alignwide is-layout-flex wp-container-core-columns-is-layout-28f84493 wp-block-columns-is-layout-flex\">\n<div class=\"wp-block-column is-layout-flow wp-block-column-is-layout-flow\" style=\"flex-basis:66.66%\">\n<figure class=\"wp-block-image alignleft size-large is-style-default\"><img decoding=\"async\" src=\"https:\/\/brotherfilmsfr.files.wordpress.com\/2023\/03\/mlk_affiche_v4_0216-basse-def-copie.jpg?w=661\" alt=\"\" class=\"wp-image-482\"\/><\/figure>\n<\/div>\n\n\n\n<div class=\"wp-block-column is-layout-flow wp-block-column-is-layout-flow\" style=\"flex-basis:80%\">\n<h2 class=\"wp-block-heading has-text-align-left has-text-color\" style=\"color:#039723;font-size:clamp(24.526px, 1.533rem + ((1vw - 3.2px) * 1.872), 41px);line-height:1.2\">MARTIN LUTHER KING : MORE THAN A DREAM<\/h2>\n\n\n\n<p class=\"has-text-align-left has-small-font-size\">July 2, 1964. After a struggle that shaped the life of Reverend Martin Luther King, President Lyndon B. Johnson\u2014and then Congress\u2014finally bring racial segregation to an end by passing the&nbsp;<em>Civil&nbsp;Rights&nbsp;Act<\/em>.<br>A historic breakthrough\u2014at least, on the surface\u2026&nbsp;<br><br>Because Martin Luther King knows the reality is very different. Even if racial justice seems to have advanced\u2014at least on paper\u2014inequalities remain plainly visible. Housing, unemployment: socio-economic hardship continues to eat away at the country\u2019s working-class neighborhoods. Martin Luther King has always been convinced that without social justice, there can be no equality. This is the beginning of his new fight.<\/p>\n\n\n\n<p class=\"has-text-align-left\" style=\"font-size:0.7rem\">Directed <strong>Barbara Necek<\/strong>, \u00e9crit par <strong>Barbara Necek<\/strong> et <strong>Laurent Chikhoun<\/strong><br>Produced by <strong>Emmanuel Fran\u00e7ois<\/strong> et <strong>Alice Mansion<\/strong><br>Editng <strong>C\u00e9dric Harrang <\/strong>et <strong>Mich\u00e8le Hollander<\/strong><br>Music <strong>Antoine Berjeaut<\/strong><br>Narration <strong>Sarah Jane Sauvegrain<\/strong><br>Grading <strong>Mathilde Delacroix<\/strong><br>Mixing &amp; sound designing <strong>David Lassalle<\/strong><br><br>With the participation of <strong>France T\u00e9l\u00e9visions<\/strong> et de <strong>Histoire TV<\/strong>, avec le soutien de <strong>La PROCIREP \u2013 Soci\u00e9t\u00e9 des producteurs<\/strong>, de <strong>L\u2019ANGOA<\/strong><br>And the participation of <strong>Centre national du cin\u00e9ma et de l\u2019image anim\u00e9e<\/strong><br>International sales <strong>Arte Distribution<\/strong><br><strong>\u00a9 Brotherfilms \u2013 2022<\/strong><\/p>\n<\/div>\n<\/div>\n\n\n\n<div style=\"height:40px\" aria-hidden=\"true\" class=\"wp-block-spacer\"><\/div>\n\n\n\n<div class=\"wp-block-group alignwide is-style-default is-layout-flow wp-block-group-is-layout-flow\" style=\"padding-top:0px;padding-right:0px;padding-bottom:0px;padding-left:0px\">\n<div class=\"wp-block-columns alignwide is-layout-flex wp-container-core-columns-is-layout-28f84493 wp-block-columns-is-layout-flex\">\n<div class=\"wp-block-column is-layout-flow wp-block-column-is-layout-flow\" style=\"flex-basis:80%\">\n<h2 class=\"wp-block-heading has-text-align-left has-text-color\" style=\"color:#ed8338;font-size:clamp(24.526px, 1.533rem + ((1vw - 3.2px) * 1.872), 41px);line-height:1.2\">SABINE WEISS: A LIFE IN A CENTURY<\/h2>\n\n\n\n<p class=\"has-small-font-size\">She captured thousands of faces\u2014smiles, gestures, attitudes. She immortalized a working-class Paris that has now vanished. She photographed the collections of the greatest fashion designers for Vogue and other prestigious fashion magazines. She also travelled the world, always in search of emotion.\nThroughout the second half of the twentieth century, her lens lingered on those living at the margins\u2014people society prefers not to see: beggars, the elderly, Roma communities\u2026 The result is a monumental, eclectic, and profoundly human body of work: a photography that is always turned toward others, bearing witness to a deep love of life.<br><br>Sabine Weiss was the last representative of France\u2019s postwar humanist photography movement. Having only just passed away, this film pays tribute to her and retraces the journey of an extraordinary woman whose major body of work embodies a century of humanism.<\/p>\n\n\n\n<p class=\"has-text-align-left\" style=\"font-size:0.7rem\">Directed <strong>Camille M\u00e9nager <\/strong><br>Produced by <strong>Emmanuel Fran\u00e7ois<\/strong> et <strong>Alice Mansion<\/strong> <br>Avec les voix de <strong>Emma Broughton<\/strong> et <strong>Mauricette Gourdon<\/strong><br>D.O.P. <strong>Henry Marquis<\/strong><br>Editng <strong>Lionel Delebarre<\/strong><br>Music <strong>Lou Rotzinger<\/strong><br>Mixing <strong>Georges Lafitte<\/strong><br>Grading <strong>Mathilde Delacroix<\/strong><br>Conseill\u00e8re scientifique <strong>Virginie Chardin<\/strong><br><br>With the participation of <strong>France T\u00e9l\u00e9visions<\/strong><br>With the support of <strong>La PROCIREP \u2013 Soci\u00e9t\u00e9 des producteurs<\/strong>, de <strong>L\u2019ANGOA<\/strong><br>With the participation of <strong>Centre national du cin\u00e9ma et de l\u2019image anim\u00e9e<\/strong><br>International sales <strong>The Party Film Sales<\/strong><br><strong>\u00a9 Brotherfilms \u2013 2022<\/strong><br><\/p>\n<\/div>\n\n\n\n<div class=\"wp-block-column is-layout-flow wp-block-column-is-layout-flow\" style=\"flex-basis:66.66%\">\n<figure class=\"wp-block-image alignleft size-large is-resized\"><img decoding=\"async\" src=\"https:\/\/brotherfilmsfr.files.wordpress.com\/2023\/03\/sweiss_affiche_v8_1017.jpg?w=662\" alt=\"\" class=\"wp-image-50\"\/><\/figure>\n<\/div>\n<\/div>\n\n\n\n<div style=\"height:40px\" aria-hidden=\"true\" class=\"wp-block-spacer\"><\/div>\n\n\n\n<div class=\"wp-block-columns alignwide is-layout-flex wp-container-core-columns-is-layout-28f84493 wp-block-columns-is-layout-flex\">\n<div class=\"wp-block-column is-layout-flow wp-block-column-is-layout-flow\" style=\"flex-basis:66.66%\">\n<figure class=\"wp-block-image alignleft size-large is-style-default\"><img decoding=\"async\" src=\"https:\/\/brotherfilmsfr.files.wordpress.com\/2023\/03\/devenir-marilyn_affiche_v4_0929.jpg?w=661\" alt=\"\" class=\"wp-image-54\"\/><\/figure>\n<\/div>\n\n\n\n<div class=\"wp-block-column is-layout-flow wp-block-column-is-layout-flow\" style=\"flex-basis:80%\">\n<h2 class=\"wp-block-heading has-text-align-left has-vivid-purple-color has-text-color\" style=\"font-size:clamp(24.526px, 1.533rem + ((1vw - 3.2px) * 1.872), 41px);line-height:1.2\">BECOMING MARILYN<\/h2>\n\n\n\n<p class=\"has-text-align-left has-small-font-size\">Despite the countless memoirs, essays, films, and books devoted to her, Marilyn Monroe\u2019s inner life has remained elusive\u2014unheard. This film seeks to let her voice be heard, stripping away the layers of projection that still cling to her. And thus, for the first time, to understand how Norma Jeane Baker created the icon Marilyn Monroe.\nTo the attentive viewer, she speaks here in the first person, recounting the fascinating details of that metamorphosis\u2014born of a young woman\u2019s brilliant intuition, her ambition, the imperatives of an era, and the desires of the studio moguls. <br><br>Set in a post-#MeToo era, Mich\u00e8le Dominici retraces the path of an immortal, sanctified star\u2014between self-invention and the fight for fame\u2014while, in counterpoint, revealing the violence of a system\u2014the studios and Hollywood\u2014astonishingly brutal toward women, and its persistence at the dawn of the twenty-first century.<\/p>\n\n\n\n<p class=\"has-text-align-left\" style=\"font-size:0.7rem\">Directed <strong>Mich\u00e8le Dominici <\/strong><br>Produced by <strong>Emmanuel Fran\u00e7ois<\/strong> et <strong>Alice Mansion<\/strong><br>Avec les voix <strong>Agn\u00e8s Jaoui<\/strong> et <strong>Georgia Scalliet<\/strong><br>Editng <strong>Nathalie Amsellem<\/strong> et <strong>Sophie Creusot<\/strong><br>Music <strong>Guillaume Le H\u00e9naff<\/strong><br>Documentaliste <strong>Catherine Stoeblen<\/strong><br>Mixing &amp; sound designing <strong>Philippe Charriot<\/strong><br>Grading <strong>Guillermo Fernandez<\/strong><br><br>A co-production <strong>Brotherfilms<\/strong> et <strong>ARTE France<\/strong><br>With the support of <strong>La PROCIREP \u2013 Soci\u00e9t\u00e9 des producteurs<\/strong>, de <strong>L\u2019ANGOA<\/strong><br>With the participation of <strong>Centre national du cin\u00e9ma et de l\u2019image anim\u00e9e<\/strong><br>International sales <strong>Arte Distribution<\/strong><br><strong>\u00a9 Brotherfilms \/ ARTE France \u2013 2022<\/strong><br><br><\/p>\n<\/div>\n<\/div>\n\n\n\n<div style=\"height:40px\" aria-hidden=\"true\" class=\"wp-block-spacer\"><\/div>\n\n\n\n<div class=\"wp-block-columns alignwide is-layout-flex wp-container-core-columns-is-layout-28f84493 wp-block-columns-is-layout-flex\">\n<div class=\"wp-block-column is-layout-flow wp-block-column-is-layout-flow\" style=\"flex-basis:80%\">\n<h2 class=\"wp-block-heading has-text-align-left has-vivid-red-color has-text-color\" style=\"font-size:clamp(24.526px, 1.533rem + ((1vw - 3.2px) * 1.872), 41px);line-height:1.2\">WITCHCRAFT STORIES<\/h2>\n\n\n\n<p>In a customary court in Brazzaville, judges are tasked with reconciling families torn apart by accusations of black magic. Between metaphysical verdicts and healing rituals, these arbiters struggle to uphold their authority and untangle cases where spirits from the invisible world intertwine with mermaids said to have vanished.<\/p>\n\n\n\n<p class=\"has-text-align-left\" style=\"font-size:0.7rem\">Directed <strong>Corto Vaclav<\/strong> et <strong>Hadrien La Vapeur<\/strong><br>Produced by <strong>Emmanuel Fran\u00e7ois<\/strong> et <strong>Alice Mansion<\/strong><br>Editng <strong>Laure Saint Marc<\/strong><br>Music <strong>Frank Williams<\/strong>, <strong>Jeanne Lafonta<\/strong>, <strong>Martin Mahieu<\/strong> et <strong>St\u00e9phane Cochet<\/strong><br>D.O.P. <strong>Hadrien La Vapeur<\/strong>, <strong>Corto Vaclav<\/strong> et <strong>Yvan Schreck<\/strong><br>Son <strong>Corto Vaclav<\/strong> et <strong>Mo\u00efse Batola<\/strong><br><br>A co-production <strong>Brotherfilms <\/strong>et <strong>Exp\u00e9dition Invisible<\/strong><br>With the participation of <strong>France T\u00e9l\u00e9visons<\/strong>, <strong>Canal+ International<\/strong> et <strong>TV5Monde<\/strong><br>Avec le soutien du <strong>CNC<\/strong>, de <strong>Brouillon d\u2019un r\u00eave de la Scam<\/strong>, de la <strong>Sacem <\/strong><br>De <strong>La PROCIREP \u2013 Soci\u00e9t\u00e9 des producteurs<\/strong>, de <strong>L\u2019ANGOA<\/strong><br><strong>\u00a9 Brotherfilms \/ Exp\u00e9dition Invisible \u2013 2021<\/strong><br><\/p>\n<\/div>\n\n\n\n<div class=\"wp-block-column is-layout-flow wp-block-column-is-layout-flow\" style=\"flex-basis:66.66%\">\n<figure class=\"wp-block-image alignleft size-large is-style-default\"><img decoding=\"async\" src=\"https:\/\/brotherfilmsfr.files.wordpress.com\/2023\/03\/affiche-ordalies-def.jpg?w=695\" alt=\"\" class=\"wp-image-95\"\/><\/figure>\n<\/div>\n<\/div>\n\n\n\n<div style=\"height:40px\" aria-hidden=\"true\" class=\"wp-block-spacer\"><\/div>\n\n\n\n<div class=\"wp-block-columns alignwide is-layout-flex wp-container-core-columns-is-layout-28f84493 wp-block-columns-is-layout-flex\">\n<div class=\"wp-block-column is-layout-flow wp-block-column-is-layout-flow\" style=\"flex-basis:66.66%\">\n<figure class=\"wp-block-image alignleft size-large is-style-default\"><img decoding=\"async\" src=\"https:\/\/brotherfilmsfr.files.wordpress.com\/2023\/03\/chine-en-arctiques_affiche-figra_v13-basse-def_18032022.jpg?w=724\" alt=\"\" class=\"wp-image-97\"\/><\/figure>\n<\/div>\n\n\n\n<div class=\"wp-block-column is-layout-flow wp-block-column-is-layout-flow\" style=\"flex-basis:80%\">\n<h2 class=\"wp-block-heading has-text-align-left has-text-color\" style=\"color:#4082a8;font-size:clamp(24.526px, 1.533rem + ((1vw - 3.2px) * 1.872), 41px);line-height:1.2\">THE RISE OF CHINARCTIC<\/h2>\n\n\n\n<p class=\"has-text-align-left has-small-font-size\">China\u2019s growing presence in the High North is reshuffling the deck in a region where\u2014far from the spotlight\u2014superpowers watch one another and quietly clash. The Americans are alarmed, the Norwegians hesitate, and the Russians rub their hands. One thing is certain: through China\u2019s footprint, we can explore the Arctic\u2019s present and future in an age of climate emergency.<\/p>\n\n\n\n<p class=\"has-text-align-left\" style=\"font-size:0.7rem\">Directed <strong>Olivier Truc<\/strong><br>Produced by <strong>Emmanuel Fran\u00e7ois <\/strong>et <strong>Alice Mansion <\/strong><br>D.O.P. <strong>Mathieu Cellard<\/strong><br>Editng <strong>Bruno Joucla<\/strong><br>Music <strong>Baptiste Charvet<\/strong><br>Mixing <strong>Georges Lafitte<\/strong><br>Grading <strong>Guillaume Fernandez<\/strong><br><br>A co-production <strong>Brotherfilms <\/strong>et <strong>Arte FRANCE<\/strong><br>Avec le soutien du <strong>Centre National du Cin\u00e9ma et de l\u2019image anim\u00e9e<\/strong><br>Et l\u2019aide au d\u00e9veloppement de <strong>La PROCIREP \u2013 Soci\u00e9t\u00e9 des producteurs<\/strong>, de <strong>L\u2019ANGOA<\/strong><br>International sales <strong>Java Films<\/strong><br><strong>\u00a9 Brotherfilms \/ ARTE France \u2013 2021<\/strong><\/p>\n<\/div>\n<\/div>\n<\/div>\n\n\n\n<div style=\"height:40px\" aria-hidden=\"true\" class=\"wp-block-spacer\"><\/div>\n\n\n\n<div class=\"wp-block-columns alignwide is-layout-flex wp-container-core-columns-is-layout-28f84493 wp-block-columns-is-layout-flex\">\n<div class=\"wp-block-column is-layout-flow wp-block-column-is-layout-flow\" style=\"flex-basis:80%\">\n<h2 class=\"wp-block-heading has-text-align-left has-text-color\" style=\"color:#7c6dbb;font-size:clamp(24.526px, 1.533rem + ((1vw - 3.2px) * 1.872), 41px);line-height:1.2\">SEEKING FOR GERDA TARO<\/h2>\n\n\n\n<p class=\"has-text-align-left has-small-font-size\">At a time when photojournalism was being invented, Gerda Taro photographed the tragedy of the Spanish Civil War. She created a pioneering body of work\u2014before losing her life on the eve of her 27th birthday.<br><br>From Hitler\u2019s Germany to the desperate battles of the Spanish Republic, via the bohemian Paris of the interwar years, her short life spanned the great sweep of history in the first half of the twentieth century.<br><br>Her photographs capture the madness of men, the pain of war, but also an ideal of fraternity and the hope of a better world. Her name, long erased from collective memory, has recently resurfaced from the shadows of oblivion\u2026<\/p>\n\n\n\n<p class=\"has-text-align-left\" style=\"font-size:0.7rem\">Directed <strong>Camille M\u00e9nager<\/strong><br>Produced by <strong>Emmanuel Fran\u00e7ois<\/strong> et <strong>Alice Mansion <\/strong><br>Narration <strong>C\u00e9line Sallette<\/strong><br>Editng <strong>Lionel Delebarre<\/strong><br>Music <strong>Lou Rotzinger<\/strong><br>D.O.P. <strong>Thibault Delavigne<\/strong><br><br>With the participation of <strong>France T\u00e9l\u00e9visons<\/strong><br>With the support of <strong>La PROCIREP \u2013 Soci\u00e9t\u00e9 des producteurs<\/strong>, de <strong>L\u2019ANGOA<\/strong><br>And the participation of <strong>Centre national du cin\u00e9ma et de l\u2019image anim\u00e9e<\/strong><br>International sales <strong>The Party Films Sales<\/strong><br><strong>\u00a9 Brotherfilms \u2013 2020<\/strong><\/p>\n<\/div>\n\n\n\n<div class=\"wp-block-column is-layout-flow wp-block-column-is-layout-flow\" style=\"flex-basis:66.66%\">\n<figure class=\"wp-block-image alignleft size-large is-style-default\"><img decoding=\"async\" src=\"https:\/\/brotherfilmsfr.files.wordpress.com\/2023\/03\/affiche_gerdataro_fr.jpg?w=683\" alt=\"\" class=\"wp-image-99\"\/><\/figure>\n<\/div>\n<\/div>\n\n\n\n<div style=\"height:40px\" aria-hidden=\"true\" class=\"wp-block-spacer\"><\/div>\n\n\n\n<div class=\"wp-block-columns alignwide is-layout-flex wp-container-core-columns-is-layout-28f84493 wp-block-columns-is-layout-flex\">\n<div class=\"wp-block-column is-layout-flow wp-block-column-is-layout-flow\" style=\"flex-basis:66.66%\">\n<figure class=\"wp-block-image alignleft size-large is-style-default\"><img decoding=\"async\" src=\"https:\/\/brotherfilmsfr.files.wordpress.com\/2023\/03\/affiche_ontheline_va_festival-1000.jpg?w=691\" alt=\"\" class=\"wp-image-101\"\/><\/figure>\n<\/div>\n\n\n\n<div class=\"wp-block-column is-layout-flow wp-block-column-is-layout-flow\" style=\"flex-basis:80%\">\n<h2 class=\"wp-block-heading has-text-align-left has-text-color\" style=\"color:#5d9b0c;font-size:clamp(24.526px, 1.533rem + ((1vw - 3.2px) * 1.872), 41px);line-height:1.2\">ON THE LINE: AMERICA\u2019S DEPORTED<\/h2>\n\n\n\n<p class=\"has-small-font-size\">Each year, more than 100,000 Mexicans are forcibly sent back by the U.S. authorities to their country of origin. Yet many of them grew up in the United States or built their lives there.<br><br>Richard, Rocio, and Sergio were deported after a court ruling with no right of appeal. They now live in Tijuana, on the other side of the wall.<\/p>\n\n\n\n<p class=\"has-text-align-left\" style=\"font-size:0.7rem\">Directed <strong>Leo Mattei <\/strong>et <strong>Alex Gohari<\/strong><br>Produced by <strong>Emmanuel Fran\u00e7ois<\/strong> et <strong>Alice Mansion <\/strong><br>Editng <strong>Matthieu Besnard<\/strong><br>Music <strong>Antoine Berjeaut<\/strong><br>Grading <strong>R\u00e9my De Vlieger<\/strong><br>Mixing <strong>Georges Lafitte<\/strong><br><br>With the participation of <strong>France T\u00e9l\u00e9visions<\/strong> et de <strong>Public S\u00e9nat<\/strong><br>With the support of <strong>La PROCIREP \u2013 Soci\u00e9t\u00e9 des producteurs<\/strong>, de <strong>L\u2019ANGOA<\/strong><br>And the participation of <strong>Centre national du cin\u00e9ma et de l\u2019image anim\u00e9e<\/strong><br>International sales <strong>Java Films<\/strong><br><strong>\u00a9 Brotherfilms \u2013 2020<\/strong><\/p>\n<\/div>\n<\/div>\n\n\n\n<div style=\"height:40px\" aria-hidden=\"true\" class=\"wp-block-spacer\"><\/div>\n\n\n\n<div class=\"wp-block-columns alignwide is-layout-flex wp-container-core-columns-is-layout-28f84493 wp-block-columns-is-layout-flex\">\n<div class=\"wp-block-column is-layout-flow wp-block-column-is-layout-flow\" style=\"flex-basis:80%\">\n<h2 class=\"wp-block-heading has-text-align-left has-luminous-vivid-amber-color has-text-color\" style=\"font-size:clamp(24.526px, 1.533rem + ((1vw - 3.2px) * 1.872), 41px);line-height:1.2\">POLICE ATTITUDE: 60 YEARS OF CROWD CONTROL<\/h2>\n\n\n\n<p class=\"has-small-font-size\">n 2019, following extremely violent clashes between protesters and the police, France\u2019s approach to crowd control was questioned for the first time in its history. But what exactly is that approach? And is it the best one\u2014indeed, the only possible one?<br><br>Revisiting sixty years of history in France and among our German and British neighbors\u2014through illuminating archival footage and interviews with leading witnesses and experts\u2014this film dismantles the myth of French-style crowd-control \u201cexcellence,\u201d while asking a question that lies at the heart of democracy: how the police operate when confronted with angry citizens.<\/p>\n\n\n\n<p class=\"has-text-align-left\" style=\"font-size:0.7rem\">Directed <strong>Fran\u00e7ois Rabat\u00e9<\/strong><br>Produced by <strong>Emmanuel Fran\u00e7ois <\/strong>et <strong>Alice Mansion<\/strong><br>Conseiller historique et co-auteur <strong>Sebastian Roch\u00e9<\/strong><br>D.O.P. <strong>Julien Mauranne<\/strong><br>Editng <strong>Pierre Sainteny<\/strong><br>Conformation <strong>Sophie Krykwinski<\/strong><br>Mixing <strong>Georges Lafitte<\/strong><br>Grading <strong>Guillermo Fernandez<\/strong><br>Graphic design <strong>J\u00e9r\u00f4me Letu\u00e9<\/strong><br><br>Un documentaire <strong>Brotherfilms <\/strong>et <strong>Public S\u00e9nat<\/strong><br>With the participation of <strong>Toute l\u2019Histoire<\/strong><br>With the support of <strong>La PROCIREP \u2013 Soci\u00e9t\u00e9 des producteurs<\/strong>, de <strong>L\u2019ANGOA<\/strong><br>And the participation of <strong>Centre national du cin\u00e9ma et de l\u2019image anim\u00e9e<\/strong><br><strong>\u00a9 Brotherfilms \u2013 2020<\/strong><br><\/p>\n<\/div>\n\n\n\n<div class=\"wp-block-column is-layout-flow wp-block-column-is-layout-flow\" style=\"flex-basis:66.66%\">\n<figure class=\"wp-block-image alignleft size-large is-style-default\"><img decoding=\"async\" src=\"https:\/\/brotherfilmsfr.files.wordpress.com\/2023\/03\/affiche-police.jpg?w=724\" alt=\"\" class=\"wp-image-103\"\/><\/figure>\n<\/div>\n<\/div>\n\n\n\n<div style=\"height:40px\" aria-hidden=\"true\" class=\"wp-block-spacer\"><\/div>\n\n\n\n<div class=\"wp-block-columns alignwide is-layout-flex wp-container-core-columns-is-layout-28f84493 wp-block-columns-is-layout-flex\">\n<div class=\"wp-block-column is-layout-flow wp-block-column-is-layout-flow\" style=\"flex-basis:66.66%\">\n<figure class=\"wp-block-image alignleft size-large is-style-default\"><img decoding=\"async\" src=\"https:\/\/brotherfilmsfr.files.wordpress.com\/2023\/04\/affiche_tu_seras_mere_ma_fille-copie.jpg?w=717\" alt=\"\" class=\"wp-image-265\"\/><\/figure>\n<\/div>\n\n\n\n<div class=\"wp-block-column is-layout-flow wp-block-column-is-layout-flow\" style=\"flex-basis:80%\">\n<h2 class=\"wp-block-heading has-text-align-left has-text-color\" style=\"color:#ff6b01;font-size:clamp(24.526px, 1.533rem + ((1vw - 3.2px) * 1.872), 41px);line-height:1.2\">YOU WILL BE A MOTHER, MY DAUGHTER<\/h2>\n\n\n\n<p class=\"has-small-font-size\">A century of struggle\u2014for women in France\u2014of progress and backlash, victories, sorrows, and joys.<br><br>This film is a French epic\u2014about love, sexuality, male domination, the pains of childbirth, but also medical progress; about the political instrumentalization of \u201cthe mother,\u201d and the fight to emancipate women from the \u201creproductive and domestic\u201d role to which social pressure is so quick to confine them again. Has that struggle truly been won today?<\/p>\n\n\n\n<p class=\"has-text-align-left\" style=\"font-size:0.7rem\">Directed <strong>Bruno Joucla<\/strong> et <strong>Camille M\u00e9nager <\/strong><br>Produced by <strong>Emmanuel Fran\u00e7ois<\/strong>, <strong>David Andr\u00e9<\/strong> et <strong>Anne Genevaux<\/strong><br>Racont\u00e9 par <strong>C\u00e9cile de France<\/strong><br>Documentaliste <strong>Am\u00e9lie Peicoup<\/strong><br>Editng <strong>Bruno Joucla<\/strong><br>Mixing <strong>Georges Lafitte<\/strong><br>Grading <strong>Guillermo Fernandez<\/strong><br>Graphic design <strong>J\u00e9r\u00f4me Letu\u00e9<\/strong><br>Directeur artistique<strong> Samuel Fran\u00e7ois-Steininger<\/strong><br>Music <strong>LOW Entertainment<\/strong><br><br>With the participation of <strong>France T\u00e9l\u00e9visions<\/strong><br>Une co-production <strong>Brotherfilms<\/strong> et <strong>INA<\/strong><br>With the support of <strong>La PROCIREP \u2013 Soci\u00e9t\u00e9 des producteurs<\/strong>, de <strong>L\u2019ANGOA<\/strong><br>And the participation of <strong>Centre national du cin\u00e9ma et de l\u2019image anim\u00e9e<\/strong><br><strong>\u00a9 Brotherfilms \u2013 2018<\/strong><\/p>\n<\/div>\n<\/div>\n\n\n\n<div style=\"height:40px\" aria-hidden=\"true\" class=\"wp-block-spacer\"><\/div>\n\n\n\n<div class=\"wp-block-columns alignwide is-layout-flex wp-container-core-columns-is-layout-28f84493 wp-block-columns-is-layout-flex\">\n<div class=\"wp-block-column is-layout-flow wp-block-column-is-layout-flow\" style=\"flex-basis:80%\">\n<h2 class=\"wp-block-heading has-text-align-left has-pale-pink-color has-text-color\" style=\"font-size:clamp(24.034px, 1.502rem + ((1vw - 3.2px) * 1.814), 40px);line-height:1.2\">DARAYA, A LIBRARY UNDER BOMBS<\/h2>\n\n\n\n<p class=\"has-small-font-size\">\u201cDaraya, a Library Under Bombs\u201d tells the extraordinary story of a group of friends from Daraya, a Syrian town besieged by the Damascus regime from 2012 onwards. During the siege, they were 20 years old and set out to build a library from books salvaged from the ruins and from buildings abandoned by residents who had fled\u2014while bombs rained down on the city, month after month. A resistance through books, which they filmed and documented, alongside other scenes that tell a story of friendship, democratic ideals, and a discovery of culture.<br><br>Now separated after the fall of the city\u2014some living as refugees in Turkey\u2014these friends are trying by every means to reunite, to keep that adventure alive, and to carry on that ideal.<\/p>\n\n\n\n<p class=\"has-text-align-left\" style=\"font-size:0.7rem\">Directed <strong>Delphine Minoui <\/strong><br>Directed by<strong> Bruno Joucla<\/strong> et <strong>Delphine Minoui <\/strong><br>Produced by <strong>Emmanuel Fran\u00e7ois <\/strong>et<strong> <strong>David Andr\u00e9<\/strong><\/strong><br>Music <strong>Lou Rotzinger<\/strong><br>D.O.P. <strong>Thibault Delavigne<\/strong>, <strong>Bruno Joucla<\/strong> et <strong>Mathieu Cellard<\/strong><br>Commentaire <strong>Antoine Fleury<\/strong><br>Mixing <strong>Georges Lafitte<\/strong><br>Grading <strong>Guillermo Fernandez<\/strong><br><br>With the participation of&nbsp;<strong>France T\u00e9l\u00e9visions<\/strong><br>Avec le soutien de la <strong>R\u00e9gion Ile-de-France<\/strong>, de la <strong>PROCIREP<\/strong> et de <strong>L\u2019ANGOA<\/strong><br>And the participation of <strong>Centre national du cin\u00e9ma et de l\u2019image anim\u00e9e<\/strong><br><strong>\u00a9 Brotherfilms \u2013 2018<\/strong><\/p>\n<\/div>\n\n\n\n<div class=\"wp-block-column is-layout-flow wp-block-column-is-layout-flow\" style=\"flex-basis:66.66%\">\n<figure class=\"wp-block-image alignleft size-large is-style-default\"><img decoding=\"async\" src=\"https:\/\/brotherfilmsfr.files.wordpress.com\/2023\/03\/affiche_daraya_fr.jpg?w=683\" alt=\"\" class=\"wp-image-122\"\/><\/figure>\n<\/div>\n<\/div>\n\n\n\n<div style=\"height:40px\" aria-hidden=\"true\" class=\"wp-block-spacer\"><\/div>\n\n\n\n<div class=\"wp-block-columns alignwide is-layout-flex wp-container-core-columns-is-layout-28f84493 wp-block-columns-is-layout-flex\">\n<div class=\"wp-block-column is-layout-flow wp-block-column-is-layout-flow\" style=\"flex-basis:66.66%\">\n<figure class=\"wp-block-image alignleft size-large is-style-default\"><img decoding=\"async\" src=\"https:\/\/brotherfilmsfr.files.wordpress.com\/2023\/03\/jaquette_toubibs-copie.jpg?w=721\" alt=\"\" class=\"wp-image-133\"\/><\/figure>\n<\/div>\n\n\n\n<div class=\"wp-block-column is-layout-flow wp-block-column-is-layout-flow\" style=\"flex-basis:80%\">\n<h2 class=\"wp-block-heading has-text-align-left has-secondary-color has-text-color\" style=\"font-size:clamp(24.526px, 1.533rem + ((1vw - 3.2px) * 1.872), 41px);line-height:1.2\">DEVENIR M\u00c9DECIN<\/h2>\n\n\n\n<p class=\"has-text-align-left has-small-font-size\">C\u2019est l\u2019histoire d\u2019une bande de copains \u00e9tudiants en m\u00e9decine. Nina, Yassine, Elise et Joan, d\u00e9couvrent le monde de l\u2019h\u00f4pital. Une universit\u00e9 de la vie, o\u00f9 les malades ne ressemblent pas aux cas cliniques d\u00e9crits dans les livres. O\u00f9 la proximit\u00e9 de la souffrance et de la mort amplifie les \u00e9motions. O\u00f9 le manque de moyens confronte la vocation des \u00e9tudiants \u00e0 la r\u00e9alit\u00e9 des services dans lesquels ils se forment. Quatre parcours, quatre futurs m\u00e9decins, qui nous soigneront demain. Et leurs regards encore frais sur le m\u00e9tier, qui portent une haute id\u00e9e de la m\u00e9decine. Un id\u00e9al, confront\u00e9 \u00e0 la r\u00e9alit\u00e9 des services de m\u00e9decine des grands h\u00f4pitaux fran\u00e7ais dans lesquels ils apprennent leur m\u00e9tier. \u200b\u200b<\/p>\n\n\n\n<p class=\"has-text-align-left\" style=\"font-size:0.7rem\">Directed <strong>Bruno Joucla <\/strong>et <strong>Nicolas Frank<\/strong><br>With the participation of <strong>France T\u00e9l\u00e9visions<\/strong><br>With the support of <strong>La PROCIREP \u2013 Soci\u00e9t\u00e9 des producteurs<\/strong>, de <strong>L\u2019ANGOA<\/strong><br>And the participation of <strong>Centre national du cin\u00e9ma et de l\u2019image anim\u00e9e<\/strong><br>Produced by <strong>Emmanuel Fran\u00e7ois<\/strong> et <strong>David Andr\u00e9<\/strong><br><strong>\u00a9 Brotherfilms \u2013 2015<\/strong><\/p>\n\n\n\n<p class=\"has-text-align-left\" style=\"font-size:0.7rem\"><br><\/p>\n<\/div>\n<\/div>\n\n\n\n<div style=\"height:40px\" aria-hidden=\"true\" class=\"wp-block-spacer\"><\/div>\n\n\n\n<div class=\"wp-block-columns alignwide is-layout-flex wp-container-core-columns-is-layout-28f84493 wp-block-columns-is-layout-flex\">\n<div class=\"wp-block-column is-layout-flow wp-block-column-is-layout-flow\" style=\"flex-basis:80%\">\n<h2 class=\"wp-block-heading has-text-align-left has-vivid-cyan-blue-color has-text-color\" style=\"font-size:clamp(24.526px, 1.533rem + ((1vw - 3.2px) * 1.872), 41px);line-height:1.2\">MARIAGE POUR TOUS<br><sup>LE GRAND DIVORCE<\/sup><\/h2>\n\n\n\n<p class=\"has-small-font-size\">D\u2019un c\u00f4t\u00e9 Christiane Taubira, Fran\u00e7ois Hollande, Jean-Marc Ayrault, ou No\u00ebl Mam\u00e8re\u2026 De l\u2019autre Frigide Barjot, Ludovine de la Roch\u00e8re, Jean-Fran\u00e7ois Cop\u00e9 ou encore le cardinal Monseigneur Vingt-Trois. Et au milieu, une incroyable bataille politique et sociale : Celle qu\u2019entra\u00eena \u00ab la loi ouvrant le mariage aux personnes de m\u00eame sexe \u00bb adopt\u00e9e le 23 avril 2013.<br><br>Ils nous d\u00e9voilent les strat\u00e9gies politiques, racontent l\u2019\u00e9closion de la gigantesque \u00ab Manif pour tous \u00bb et r\u00e9v\u00e8lent une partie de poker jou\u00e9e par l\u2019\u00c9glise de France. Ils nous font aussi revivre une \u00e9pop\u00e9e parlementaire in\u00e9dite et violente, un \u00ab grand divorce \u00bb qui a laiss\u00e9 des traces jusqu\u2019\u00e0 la fin de la mandature de Fran\u00e7ois Hollande. \u200b\u200b<\/p>\n\n\n\n<p class=\"has-text-align-left\" style=\"font-size:0.7rem\">Directed <strong>Elsa Guiol<\/strong> et <strong>Laurent Portes<\/strong><br>Directed by <strong>Laurent Portes<\/strong><br>Produced by <strong>Emmanuel Fran\u00e7ois<\/strong> et <strong>David Andr\u00e9<\/strong><br>D.O.P. <strong>Thibaut Delavigne<\/strong>, <strong>Julien Mauranne <\/strong>et <strong>L\u00e9o Monnet<\/strong><br>Editng<strong> Caroline Choplin<\/strong><br><br>With the participation of <strong>France T\u00e9l\u00e9visions<\/strong><br>With the support of <strong>La PROCIREP \u2013 Soci\u00e9t\u00e9 des producteurs<\/strong>, de <strong>L\u2019ANGOA<\/strong><br>And the participation of <strong>Centre national du cin\u00e9ma et de l\u2019image anim\u00e9e<\/strong><br><strong>\u00a9 Brotherfilms \u2013 2017<\/strong><\/p>\n<\/div>\n\n\n\n<div class=\"wp-block-column is-layout-flow wp-block-column-is-layout-flow\" style=\"flex-basis:66.66%\">\n<figure class=\"wp-block-image alignleft size-large is-style-default\"><img decoding=\"async\" src=\"https:\/\/brotherfilmsfr.files.wordpress.com\/2023\/04\/jaquette_lgd4-copie.jpg?w=695\" alt=\"\" class=\"wp-image-214\"\/><\/figure>\n<\/div>\n<\/div>\n\n\n\n<div style=\"height:40px\" aria-hidden=\"true\" class=\"wp-block-spacer\"><\/div>\n\n\n\n<div class=\"wp-block-columns alignwide is-layout-flex wp-container-core-columns-is-layout-28f84493 wp-block-columns-is-layout-flex\">\n<div class=\"wp-block-column is-layout-flow wp-block-column-is-layout-flow\" style=\"flex-basis:66.66%\">\n<figure class=\"wp-block-image alignleft size-large is-style-default\"><img decoding=\"async\" src=\"https:\/\/brotherfilmsfr.files.wordpress.com\/2023\/04\/jaquette_abdd3-copie.jpg?w=702\" alt=\"\" class=\"wp-image-211\"\/><\/figure>\n<\/div>\n\n\n\n<div class=\"wp-block-column is-layout-flow wp-block-column-is-layout-flow\" style=\"flex-basis:80%\">\n<h2 class=\"wp-block-heading has-text-align-left has-text-color\" style=\"color:#aa4100;font-size:clamp(24.526px, 1.533rem + ((1vw - 3.2px) * 1.872), 41px);line-height:1.2\">DITES-MOI QUE JE M&rsquo;AIME<\/h2>\n\n\n\n<p>Quelques heures par mois, une dizaine de femmes se retrouvent dans un centre social de la banlieue de Lens, pour se maquiller, se prodiguer des soins les unes aux autres, \u00eatre ensemble, se raconter les soucis, rire de tout et de n\u2019importe quoi. C\u2019est l\u2019Atelier \u2018Estime de soi\u2019.<\/p>\n\n\n\n<p class=\"has-small-font-size\">Dominique, une \u00ab esth\u00e9ticienne du social \u00bb \u00e9paule ces femmes qui pensent avoir perdu la face. Telle une bonne f\u00e9e, pench\u00e9e un temps sur leurs destins, elle aide \u00e0 lib\u00e9rer la parole, \u00e0 choisir les th\u00e8mes de discussions, les couleurs des maquillages\u2026<br><br>Au fil des mois, le regard change sur soi-m\u00eame et sur les autres. L\u2019espoir et la vie \u00e9mergent, \u00e0 nouveau.<\/p>\n\n\n\n<p class=\"has-text-align-left\" style=\"font-size:0.7rem\">Directed <strong>Lucie Boudaud<\/strong><br>Produced by <strong>Emmanuel Fran\u00e7ois<\/strong> et <strong>David Andr\u00e9<\/strong><br>D.O.P. <strong>Richard Montrobert<\/strong><br>Editng <strong>Lucie Lahoute<\/strong><br>Son<strong> Christian Vignal<\/strong>, <strong>Sylvain Decosse <\/strong>et <strong>Quentin Romanet<\/strong><br>Musique <strong>Manuel Armstrong<\/strong><br><br>Une co-production <strong>BROTHERFILMS <\/strong>et <strong>Pictanovo<\/strong><br>With the participation of <strong>France T\u00e9l\u00e9visions<\/strong><br>With the support of <strong>La PROCIREP \u2013 Soci\u00e9t\u00e9 des producteurs<\/strong>, de <strong>L\u2019ANGOA<\/strong><br>And the participation of <strong>Centre national du cin\u00e9ma et de l\u2019image anim\u00e9e<\/strong><br>Avec le soutien du <strong>Minist\u00e8re des affaires sociales et de la sant\u00e9 \u2013 DICOM<\/strong><br>Et du <strong>CNC \u2013 Fonds images de la diversit\u00e9<\/strong><br><strong>\u00a9 Brotherfilms \u2013 2015<\/strong><\/p>\n<\/div>\n<\/div>\n\n\n\n<div style=\"height:40px\" aria-hidden=\"true\" class=\"wp-block-spacer\"><\/div>\n\n\n\n<div class=\"wp-block-columns alignwide is-layout-flex wp-container-core-columns-is-layout-28f84493 wp-block-columns-is-layout-flex\">\n<div class=\"wp-block-column is-layout-flow wp-block-column-is-layout-flow\" style=\"flex-basis:80%\">\n<h2 class=\"wp-block-heading has-text-align-left has-vivid-purple-color has-text-color\" style=\"font-size:clamp(24.526px, 1.533rem + ((1vw - 3.2px) * 1.872), 41px);line-height:1.2\">INSTINCTS PRIMAIRES<br><sup>COULISSES D&rsquo;UNE \u00c9LECTION<\/sup><\/h2>\n\n\n\n<p class=\"has-small-font-size\">\u00ab INSTINCTS PRIMAIRES : coulisses d\u2019une \u00e9lection \u00bb d\u00e9voile les tractations, les man\u0153uvres et les trahisons au c\u0153ur d\u2019une famille politique.<br><br>La famille de la droite fran\u00e7aise, encore marqu\u00e9e par ses d\u00e9chirements, lanc\u00e9e dans une \u00e9preuve in\u00e9dite, celle des primaires ! Le film propose une plong\u00e9e exclusive aux c\u00f4t\u00e9s des organisateurs du vote, des candidats et de leurs strat\u00e8ges.&nbsp;On y d\u00e9couvre comment la primaire a \u00e9t\u00e9 impos\u00e9e \u00e0 Nicolas Sarkozy, revenu aux commandes du parti\u2026 Comment, malgr\u00e9 une longue tradition de la culture du chef, Les R\u00e9publicains ont r\u00e9ussi cet exercice d\u00e9mocratique. Comment la question des bureaux de vote, cl\u00e9 de ce scrutin, a donn\u00e9 lieu \u00e0 une passionnante partie d\u2019\u00e9checs pleine de m\u00e9fiance. Comment on a tent\u00e9 d\u2019\u00e9liminer purement et simplement certains candidats. Ou encore, comment les deux favoris suppos\u00e9s de cette compl\u00e9tion ont \u00e9t\u00e9 aveugl\u00e9s par leur duel annonc\u00e9\u2026<\/p>\n\n\n\n<p class=\"has-text-align-left has-small-font-size\">&nbsp;&nbsp;<\/p>\n\n\n\n<p class=\"has-text-align-left\" style=\"font-size:0.7rem\">Directed <strong>Thomas Legrand<\/strong><br>Directed by <strong>Bruno Joucla <\/strong>et<strong> Elise Baudouin<\/strong><br>Produced by <strong>Emmanuel Fran\u00e7ois<\/strong> et <strong>David Andr\u00e9<\/strong><br>D.O.P. <strong>Thibaut Delavigne<\/strong>, <strong>Julien Mauranne <\/strong>et <strong>Henry Marquis<\/strong><br><br>With the participation of <strong>Canal+ et C8<\/strong><br>With the support of <strong>La PROCIREP \u2013 Soci\u00e9t\u00e9 des producteurs<\/strong>, de <strong>L\u2019ANGOA<\/strong><br>And the participation of <strong>Centre national du cin\u00e9ma et de l\u2019image anim\u00e9e<\/strong><br><strong>\u00a9 Brotherfilms \u2013 2016<\/strong><\/p>\n<\/div>\n\n\n\n<div class=\"wp-block-column is-layout-flow wp-block-column-is-layout-flow\" style=\"flex-basis:66.66%\">\n<figure class=\"wp-block-image alignleft size-large is-style-default\"><img decoding=\"async\" src=\"https:\/\/brotherfilmsfr.files.wordpress.com\/2023\/04\/affiche_primaires-copie.jpg?w=724\" alt=\"\" class=\"wp-image-221\"\/><\/figure>\n<\/div>\n<\/div>\n\n\n\n<div style=\"height:40px\" aria-hidden=\"true\" class=\"wp-block-spacer\"><\/div>\n\n\n\n<div class=\"wp-block-columns alignwide is-layout-flex wp-container-core-columns-is-layout-28f84493 wp-block-columns-is-layout-flex\">\n<div class=\"wp-block-column is-layout-flow wp-block-column-is-layout-flow\" style=\"flex-basis:66.66%\">\n<figure class=\"wp-block-image alignleft size-large is-style-default\"><img decoding=\"async\" src=\"https:\/\/brotherfilmsfr.files.wordpress.com\/2023\/04\/jaquette_dcdv_4-copie5-copie.jpg?w=696\" alt=\"\" class=\"wp-image-222\"\/><\/figure>\n<\/div>\n\n\n\n<div class=\"wp-block-column is-layout-flow wp-block-column-is-layout-flow\" style=\"flex-basis:80%\">\n<h2 class=\"wp-block-heading has-text-align-left has-luminous-vivid-amber-color has-text-color\" style=\"font-size:clamp(24.526px, 1.533rem + ((1vw - 3.2px) * 1.872), 41px);line-height:1.2\">DU C\u00d4T\u00c9 DES VIVANTS<\/h2>\n\n\n\n<p class=\"has-small-font-size\">Malgr\u00e9 les visions ensanglant\u00e9es qui les hantent, des survivants de l\u2019attentat du 7 janvier nous invitent \u00e0 poursuivre la trajectoire des disparus. Entre le pass\u00e9 et le pr\u00e9sent. Onze r\u00e9cits construits sur un d\u00e9tail, un lieu, une anecdote, un voyage. Moments lumineux o\u00f9 la vie r\u00e9siste, dans lesquels proches des victimes et les miracul\u00e9s font revivre les disparus, marchent sur leurs pas, les continuent.<\/p>\n\n\n\n<p class=\"has-text-align-left\" style=\"font-size:0.7rem\">Directed <strong>David Andr\u00e9<\/strong><br>Directed by <strong>David Andr\u00e9 <\/strong>et <strong>Bruno Joucla<\/strong><br>Produced by <strong>Emmanuel Fran\u00e7ois<\/strong><br>D.O.P. <strong>Thibaut Delavigne<\/strong><br><br>With the participation of <strong>France T\u00e9l\u00e9visions<\/strong><br>With the support of <strong>La PROCIREP \u2013 Soci\u00e9t\u00e9 des producteurs<\/strong>, de <strong>L\u2019ANGOA<\/strong><br>And the participation of <strong>Centre national du cin\u00e9ma et de l\u2019image anim\u00e9e<\/strong><br><strong>\u00a9 Brotherfilms \u2013 2015<\/strong><\/p>\n\n\n\n<p class=\"has-text-align-left\" style=\"font-size:0.7rem\"><br><\/p>\n<\/div>\n<\/div>\n\n\n\n<div style=\"height:40px\" aria-hidden=\"true\" class=\"wp-block-spacer\"><\/div>\n\n\n\n<div class=\"wp-block-columns alignwide is-layout-flex wp-container-core-columns-is-layout-28f84493 wp-block-columns-is-layout-flex\">\n<div class=\"wp-block-column is-layout-flow wp-block-column-is-layout-flow\" style=\"flex-basis:80%\">\n<h2 class=\"wp-block-heading has-text-align-left has-pale-pink-color has-text-color\" style=\"font-size:clamp(24.526px, 1.533rem + ((1vw - 3.2px) * 1.872), 41px);line-height:1.2\">PARIS 2014<br><sup>COULISSES D&rsquo;UNE \u00c9LECTION<\/sup><\/h2>\n\n\n\n<p class=\"has-text-align-left has-small-font-size\">A l\u2019occasion des \u00e9lections municipales, Paris vit un duel entre deux femmes, Anne Hidalgo et Nathalie Kosciusko-Morizet. Ce documentaire suit les protagonistes tout au long de la campagne jusqu\u2019\u00e0 l\u2019\u00e9lection.<\/p>\n\n\n\n<p class=\"has-text-align-left\" style=\"font-size:0.7rem\">Directed <strong>Nicolas Glimois <\/strong>et <strong>Thomas Legrand<\/strong><br>Produced by <strong>Emmanuel Fran\u00e7ois<\/strong> et <strong>David Andr\u00e9<\/strong><br>D.O.P. <strong>Thibaut Delavigne<\/strong><br>Journaliste <strong>Najib Tajiouti<\/strong><br><br>With the participation of <strong>Canal+<\/strong><br>And the participation of <strong>Centre national du cin\u00e9ma et de l\u2019image anim\u00e9e<\/strong><br><strong>\u00a9 Brotherfilms \u2013 2015<\/strong><\/p>\n\n\n\n<p class=\"has-text-align-left\" style=\"font-size:0.7rem\"><br><\/p>\n<\/div>\n\n\n\n<div class=\"wp-block-column is-layout-flow wp-block-column-is-layout-flow\" style=\"flex-basis:66.66%\">\n<figure class=\"wp-block-image alignleft size-large is-style-default\"><img decoding=\"async\" src=\"https:\/\/brotherfilmsfr.files.wordpress.com\/2023\/04\/paris-2014-jaquette-dvd.jpg?w=729\" alt=\"\" class=\"wp-image-225\"\/><\/figure>\n<\/div>\n<\/div>\n\n\n\n<div style=\"height:40px\" aria-hidden=\"true\" class=\"wp-block-spacer\"><\/div>\n\n\n\n<div class=\"wp-block-columns alignwide is-layout-flex wp-container-core-columns-is-layout-28f84493 wp-block-columns-is-layout-flex\">\n<div class=\"wp-block-column is-layout-flow wp-block-column-is-layout-flow\" style=\"flex-basis:66.66%\">\n<figure class=\"wp-block-image alignleft size-large is-style-default\"><img decoding=\"async\" src=\"https:\/\/brotherfilmsfr.files.wordpress.com\/2023\/04\/affiche_ctb-def.jpg?w=768\" alt=\"\" class=\"wp-image-252\"\/><\/figure>\n<\/div>\n\n\n\n<div class=\"wp-block-column is-layout-flow wp-block-column-is-layout-flow\" style=\"flex-basis:80%\">\n<h2 class=\"wp-block-heading has-text-align-left has-text-color\" style=\"color:#04b071;font-size:clamp(24.526px, 1.533rem + ((1vw - 3.2px) * 1.872), 41px);line-height:1.2\">CHANTE TON BAC D&rsquo;ABORD<\/h2>\n\n\n\n<p class=\"has-text-align-left has-small-font-size\">Documentaire social, film musical, \u00ab Chante ton bac d\u2019abord \u00bb raconte l\u2019histoire tumultueuse et po\u00e9tique d\u2019une \u00ab bande \u00bb de copains de dix-sept ans, habitant \u00e0 Boulogne-sur-Mer : une ville de 45000 habitants touch\u00e9e par la d\u00e9sindustrialisation. Imagin\u00e9es par les adolescents, mises en musique, en paroles et en images par l\u2019\u00e9quipe du film, les chansons font basculer le propos r\u00e9aliste du film dans la magie, dans l\u2019humour et dans le r\u00eave\u2026<\/p>\n\n\n\n<p class=\"has-text-align-left\" style=\"font-size:0.7rem\">\u00c9crit et r\u00e9alis\u00e9 par <strong>David Andr\u00e9<\/strong><br>Produced by <strong>Emmanuel Fran\u00e7ois<\/strong><br>D.O.P. <strong>Thibaut Delavigne<\/strong><br>Editng <strong>Bruno Joucla<\/strong><br>Son <strong>Laurent Rodriguez<\/strong><br>Production musicale <strong>Vercors &#8211; LoW<\/strong><br><br>With the support of <strong>La PROCIREP \u2013 Soci\u00e9t\u00e9 des producteurs<\/strong>, de <strong>L\u2019ANGOA<\/strong><br>And the participation of <strong>Centre national du cin\u00e9ma et de l\u2019image anim\u00e9e<\/strong><br><strong>\u00a9 Brotherfilms \u2013 2013<\/strong><\/p>\n\n\n\n<p class=\"has-text-align-left\" style=\"font-size:0.7rem\"><br><\/p>\n<\/div>\n<\/div>\n\n\n\n<div style=\"height:40px\" aria-hidden=\"true\" class=\"wp-block-spacer\"><\/div>\n\n\n\n<div class=\"wp-block-columns alignwide is-layout-flex wp-container-core-columns-is-layout-28f84493 wp-block-columns-is-layout-flex\">\n<div class=\"wp-block-column is-layout-flow wp-block-column-is-layout-flow\" style=\"flex-basis:80%\">\n<h2 class=\"wp-block-heading has-text-align-left has-text-color\" style=\"color:#b2178b;font-size:clamp(24.526px, 1.533rem + ((1vw - 3.2px) * 1.872), 41px);line-height:1.2\">L&rsquo;EMBUSCADE<\/h2>\n\n\n\n<p class=\"has-text-align-left has-small-font-size\">Trente-et-un parachutistes fran\u00e7ais sont projet\u00e9s dans la mitraille et le chaos pendant plus de vingt heures de combat, dans une zone \u00e0 d\u00e9couvert, oppos\u00e9s \u00e0 des Talibans lourdement \u00e9quip\u00e9s et cinq fois plus nombreux qu\u2019eux. L\u2019h\u00e9ro\u00efsme, le sacrifice, le sang. Neuf morts, seize bless\u00e9s et seulement six soldats indemnes. Presque tous issus du r\u00e9giment de parachutistes de Castres : le 8\u00e8me RPIMA. Tous copains. Jeunes, pour la plupart.<\/p>\n\n\n\n<p class=\"has-text-align-left\" style=\"font-size:0.7rem\">Directed <strong>J\u00e9r\u00f4me Fritel<\/strong><br>R\u00e9alisation des animations <strong>S\u00e9bastien Dupouey<\/strong><br>Produced by <strong>Emmanuel Fran\u00e7ois<\/strong> et <strong>David Andr\u00e9<\/strong><br>Illustrations <strong>Laurent Hirn<\/strong><br>Editng <strong>Bruno Joucla<\/strong><br>D.O.P. <strong>Jean-Luc Br\u00e9chat<\/strong> et <strong>Thibaut Delavigne<\/strong><br>Charg\u00e9e de production <strong>Iris Dubois<\/strong><br>Mod\u00e9lisation 3D, SFX <strong>Patrick Blot <\/strong><br>Animation 2D <strong>Damien Gaillardon<\/strong><br>Storyboard <strong>Antoine Audogiori<\/strong><br><br>With the participation of <strong>France T\u00e9l\u00e9visions<\/strong><br>And the participation of <strong>Centre national du cin\u00e9ma et de l\u2019image anim\u00e9e<\/strong><br><strong>\u00a9 Brotherfilms \u2013 2013<\/strong><br><\/p>\n<\/div>\n\n\n\n<div class=\"wp-block-column is-layout-flow wp-block-column-is-layout-flow\" style=\"flex-basis:66.66%\">\n<figure class=\"wp-block-image alignleft size-large is-style-default\"><img decoding=\"async\" src=\"https:\/\/brotherfilmsfr.files.wordpress.com\/2023\/04\/jacquette-dvd-slim-v1-copie.jpg?w=720\" alt=\"\" class=\"wp-image-253\"\/><\/figure>\n<\/div>\n<\/div>\n\n\n\n<div style=\"height:40px\" aria-hidden=\"true\" class=\"wp-block-spacer\"><\/div>\n\n\n\n<div class=\"wp-block-columns alignwide is-layout-flex wp-container-core-columns-is-layout-28f84493 wp-block-columns-is-layout-flex\">\n<div class=\"wp-block-column is-layout-flow wp-block-column-is-layout-flow\" style=\"flex-basis:66.66%\">\n<figure class=\"wp-block-image alignleft size-large is-style-default\"><img decoding=\"async\" src=\"https:\/\/brotherfilmsfr.files.wordpress.com\/2023\/04\/jacquette-dvd-slim-v1.jpg?w=722\" alt=\"\" class=\"wp-image-254\"\/><\/figure>\n<\/div>\n\n\n\n<div class=\"wp-block-column is-layout-flow wp-block-column-is-layout-flow\" style=\"flex-basis:80%\">\n<h2 class=\"wp-block-heading has-text-align-left has-text-color\" style=\"color:#fb6900;font-size:clamp(24.526px, 1.533rem + ((1vw - 3.2px) * 1.872), 41px);line-height:1.2\">LES STRAT\u00c8GES<\/h2>\n\n\n\n<p class=\"has-text-align-left has-small-font-size\">En imaginant \u00ab Les Strat\u00e8ges \u00bb, les auteurs ont fait un pari, celui de proposer une histoire secr\u00e8te de l\u2019\u00e9lection pr\u00e9sidentielle fran\u00e7aise de 2012. Une histoire v\u00e9ritablement politique, celle des strat\u00e9gies, des reniements, des calculs. Celle des \u00ab doutes \u00bb \u00e9prouv\u00e9s par les candidats, des man\u0153uvres tactiques imagin\u00e9es par leurs conseillers, mais aussi celle de leurs convictions et de leurs id\u00e9aux. Une histoire qui ne serait pas seulement une chronique de campagne mais qui serait un r\u00e9cit de science politique ou d\u2019\u00ab Histoire imm\u00e9diate \u00bb. Le film adopte les codes visuels du thriller politique et repose sur la parole d\u2019acteurs majeurs de l\u2019\u00e9lection, tourn\u00e9s dans les lieux de pouvoir.<\/p>\n\n\n\n<p class=\"has-text-align-left\" style=\"font-size:0.7rem\">Directed <strong>David Andr\u00e9<\/strong><br>\u00c9crit par <strong>Thomas Legrand<\/strong> et <strong>David Andr\u00e9<\/strong><br>Produced by <strong>Emmanuel Fran\u00e7ois<\/strong><br>Editng <strong>Bruno Joucla<\/strong><br>D.O.P. <strong>Thibaut Delavigne<\/strong><br>Journaliste <strong>Najib Tajiouti<\/strong><br>Son <strong>Laurent Rodriguez<\/strong>, <strong>Nassim El Mounabbih<\/strong>, <strong>Denis Guilhem<\/strong> et <strong>Christophe Joly<\/strong> <br>Documentaliste <strong>Anne-Sophie Tellier<\/strong><br><br>With the participation of <strong>Canal + <\/strong>et de la <strong>RTBF<\/strong><br>And the participation of <strong>Centre national du cin\u00e9ma et de l\u2019image anim\u00e9e<\/strong><br><strong>\u00a9 Brotherfilms \u2013 2012<\/strong><\/p>\n<\/div>\n<\/div>\n\n\n\n<div style=\"height:40px\" aria-hidden=\"true\" class=\"wp-block-spacer\"><\/div>\n\n\n\n<div class=\"wp-block-columns alignwide is-layout-flex wp-container-core-columns-is-layout-28f84493 wp-block-columns-is-layout-flex\">\n<div class=\"wp-block-column is-layout-flow wp-block-column-is-layout-flow\" style=\"flex-basis:80%\">\n<h2 class=\"wp-block-heading has-text-align-left has-text-color\" style=\"color:#7cc2a6;font-size:clamp(24.526px, 1.533rem + ((1vw - 3.2px) * 1.872), 41px);line-height:1.2\">LA VIE AMOUREUSE DES PR\u00caTRES<\/h2>\n\n\n\n<p class=\"has-text-align-left has-small-font-size\">La r\u00e8gle du c\u00e9libat obligatoire des pr\u00eatres dans l\u2019Eglise catholique romaine est r\u00e9guli\u00e8rement contest\u00e9e : on l\u2019accuse de favoriser les comportements sexuels d\u00e9viants dans le clerg\u00e9, d\u2019acc\u00e9l\u00e9rer la chute des vocations, de signer le d\u00e9calage entre l\u2019Eglise et la soci\u00e9t\u00e9 moderne.<br><br>Dans \u00ab La vie amoureuse des pr\u00eatres \u00bb, le r\u00e9alisateur David Andr\u00e9, raconte l\u2019histoire crois\u00e9e de trois pr\u00eatres : Kilien, jeune pr\u00eatre film\u00e9 pendant sa liaison cach\u00e9e avec une femme, fait son \u00ab coming out \u00bb et dit adieu \u00e0 ses paroissiens ; Gabriel, qui vient tout juste d\u2019\u00eatre exclu de l\u2019Eglise, se marie enfin avec sa compagne, apr\u00e8s 40 ans de liaison cach\u00e9e. A l\u2019inverse S\u00e9bastien, un jeune s\u00e9minariste, s\u2019engage au c\u00e9libat et est ordonn\u00e9 dans la cath\u00e9drale d\u2019Orl\u00e9ans : nomm\u00e9 dans la Beauce, il d\u00e9couvre l\u2019isolement des pr\u00eatres aujourd\u2019hui.<br><br>Au del\u00e0 des trajectoires humaine, le film propose une r\u00e9flexion sur la solitude des pr\u00eatres en France, sur leur d\u00e9calage avec une soci\u00e9t\u00e9 de plus en plus individualiste et \u00e9rotis\u00e9e et sur les valeurs d\u00e9fendues aujourd\u2019hui par l\u2019Eglise.<\/p>\n\n\n\n<p style=\"font-size:0.7rem\">Directed <strong>David Andr\u00e9<\/strong><br>Produced by <strong>Emmanuel Fran\u00e7ois<\/strong><br>Editng <strong>Bruno Joucla<\/strong><br>D.O.P. <strong>Gr\u00e9goire Ausina<\/strong>, <strong>Thibault Delavigne<\/strong><br>Son <strong>Laurent Rodriguez<\/strong><br>Enqu\u00eate <strong>Caroline Lumet<\/strong><br>Musique <strong>Gr\u00e9goire Hetzel<\/strong><\/p>\n\n\n\n<p style=\"font-size:0.7rem\">With the participation of <strong>Canal + <\/strong>et de la <strong>RTBF<\/strong><br>And the participation of <strong>Centre national du cin\u00e9ma et de l\u2019image anim\u00e9e<\/strong><br><strong>\u00a9 Brotherfilms \u2013 2011<\/strong><\/p>\n<\/div>\n\n\n\n<div class=\"wp-block-column is-layout-flow wp-block-column-is-layout-flow\" style=\"flex-basis:66.66%\">\n<figure class=\"wp-block-image alignleft size-large is-style-default\"><img decoding=\"async\" src=\"https:\/\/brotherfilmsfr.files.wordpress.com\/2023\/04\/jackette-pretres.jpg?w=723\" alt=\"\" class=\"wp-image-255\"\/><\/figure>\n<\/div>\n<\/div>\n\n\n\n<div style=\"height:40px\" aria-hidden=\"true\" class=\"wp-block-spacer\"><\/div>\n\n\n\n<div class=\"wp-block-columns alignwide is-layout-flex wp-container-core-columns-is-layout-28f84493 wp-block-columns-is-layout-flex\">\n<div class=\"wp-block-column is-layout-flow wp-block-column-is-layout-flow\" style=\"flex-basis:66.66%\">\n<figure class=\"wp-block-image alignleft size-large is-style-default\"><img decoding=\"async\" src=\"https:\/\/brotherfilmsfr.files.wordpress.com\/2023\/04\/capture-decran-2023-04-17-a-14.30.43-copie.jpg?w=795\" alt=\"\" class=\"wp-image-257\"\/><\/figure>\n<\/div>\n\n\n\n<div class=\"wp-block-column is-layout-flow wp-block-column-is-layout-flow\" style=\"flex-basis:80%\">\n<h2 class=\"wp-block-heading has-text-align-left has-vivid-red-color has-text-color\" style=\"font-size:clamp(24.526px, 1.533rem + ((1vw - 3.2px) * 1.872), 41px);line-height:1.2\">CARTON ROUGE AU MAL LOGEMENT <\/h2>\n\n\n\n<p class=\"has-text-align-left has-small-font-size\">Au bout d\u2019un couloir d\u2019immeuble d\u2019apparence anodine, une porte d\u2019appartement s\u2019ouvre. Eric Cantona nous accueille et s\u2019adresse \u00e0 nous d\u2019un ton d\u00e9cid\u00e9. Dans la peau d\u2019un agent immobilier, il s\u2019appr\u00eate \u00e0 nous faire visiter un bien. \u00ab D\u2019abord le couloir, suivez-moi\u2026 \u00bb Nous lui embo\u00eetons le pas, il a l\u2019air grave, brusque, presque autoritaire.<br><br>Ce film r\u00e9alis\u00e9 pour la Fondation Abb\u00e9 Pierre se distingue des spots publicitaires habituels. Ici, il ne s\u2019agit pas de vendre un produit, mais de sensibiliser les spectateurs \u00e0 la situation du logement en France et au combat que m\u00e8ne la Fondation Abb\u00e9 Pierre. Il ne s\u2019agit donc ni d\u2019une op\u00e9ration de s\u00e9duction, ni de la cr\u00e9ation d\u2019un d\u00e9sir de consommation, mais d\u2019une interpellation dont la puissance repose sur le charisme et la facult\u00e9 d\u2019empathie d\u2019Eric Cantona d\u2019une part, et l\u2019identification du spectateur \u00e0 la situation d\u2019autre part : \u00ab et si on me proposait d\u2019habiter l\u00e0 ? \u00bb.<\/p>\n\n\n\n<p class=\"has-text-align-left\" style=\"font-size:0.7rem\">Directed <strong>Emmanuel Fran\u00e7ois<\/strong><br>DOP <strong>Martin de Chabanneix<\/strong><br>Agence <strong>BBDP &amp; Fils<\/strong><br>Pour la <strong>Fondation Abb\u00e9 Pierre <\/strong><br><strong>\u00a9 Brotherfilms \u2013 2010<\/strong><\/p>\n<\/div>\n<\/div>\n\n\n\n<div style=\"height:40px\" aria-hidden=\"true\" class=\"wp-block-spacer\"><\/div>\n\n\n\n<div class=\"wp-block-columns alignwide is-layout-flex wp-container-core-columns-is-layout-28f84493 wp-block-columns-is-layout-flex\">\n<div class=\"wp-block-column is-layout-flow wp-block-column-is-layout-flow\" style=\"flex-basis:80%\">\n<h2 class=\"wp-block-heading has-text-align-left has-luminous-vivid-amber-color has-text-color\" style=\"font-size:clamp(24.526px, 1.533rem + ((1vw - 3.2px) * 1.872), 41px);line-height:1.2\">SUICIDISTAN<\/h2>\n\n\n\n<p class=\"has-small-font-size\">Oregon, au Nord-Ouest des Etats-Unis. De nombreux \u00ab v\u00e9t\u00e9rans \u00bb d\u2019Irak ou d\u2019Afghanistan ont tent\u00e9 de mettre fin \u00e0 leurs jours. Aujourd\u2019hui \u00ab encadr\u00e9s \u00bb d\u00e8s leur retour par un dispositif m\u00e9dical et d\u2019aide psychologique massif, ces soldats sont devenus le sympt\u00f4me d\u2019un mal am\u00e9ricain. Avec un budget de plus de 50 milliards de dollars sp\u00e9cialement destin\u00e9 \u00e0 l\u2019aide et aux soins psychologiques, le Department of Veterans Affairs tente de renverser une tendance qui a fait passer le taux de suicide dans l\u2019arm\u00e9e devant celui de la population civile. Ce film part \u00e0 la rencontre de ces soldats en d\u00e9pression. Il montre aussi combien ce ph\u00e9nom\u00e8ne est d\u00e9sormais pris au s\u00e9rieux par le gouvernement am\u00e9ricain dans le cadre de nombreux programmes destin\u00e9s \u00e0 endiguer le suicide des soldats de retour du th\u00e9\u00e2tre des op\u00e9rations.<\/p>\n\n\n\n<p class=\"has-text-align-left\" style=\"font-size:0.7rem\">Directed <strong>Christophe Weber <\/strong>et <strong>Franck Mazuet<\/strong><br>Produced by <strong>Emmanuel Fran\u00e7ois<\/strong> et <strong>David Andr\u00e9<\/strong><br>D.O.P. <strong>Jean-Michel Maldera<\/strong><br>Editng <strong>Laurent Portes<\/strong><br><strong>\u00a9 Brotherfilms \u2013<\/strong> <strong>2011<\/strong><\/p>\n<\/div>\n\n\n\n<div class=\"wp-block-column is-layout-flow wp-block-column-is-layout-flow\" style=\"flex-basis:66.66%\"><\/div>\n<\/div>\n\n\n\n<div style=\"height:40px\" aria-hidden=\"true\" class=\"wp-block-spacer\"><\/div>\n\n\n\n<div class=\"wp-block-columns alignwide is-layout-flex wp-container-core-columns-is-layout-28f84493 wp-block-columns-is-layout-flex\">\n<div class=\"wp-block-column is-layout-flow wp-block-column-is-layout-flow\" style=\"flex-basis:66.66%\">\n<figure class=\"wp-block-image alignleft size-large is-style-default\"><img decoding=\"async\" src=\"https:\/\/brotherfilmsfr.files.wordpress.com\/2023\/04\/exe_affiche-copie-2.jpg?w=770\" alt=\"\" class=\"wp-image-260\"\/><\/figure>\n<\/div>\n\n\n\n<div class=\"wp-block-column is-layout-flow wp-block-column-is-layout-flow\" style=\"flex-basis:80%\">\n<h2 class=\"wp-block-heading has-text-align-left has-text-color\" style=\"color:#670abe;font-size:clamp(24.526px, 1.533rem + ((1vw - 3.2px) * 1.872), 41px);line-height:1.2\">COMME LE TEMPS PASSE<\/h2>\n\n\n\n<p class=\"has-text-align-left has-small-font-size\">Baptiste, parisien trentenaire, emm\u00e8ne sa femme Carole \u00e0 la campagne chez un couple d\u2019amis, Jean-Phi et Nathalie, qu\u2019il n\u2019a pas vus depuis 6 ans. Le temps a pass\u00e9, et les souvenirs communs cachent difficilement des choix de vie divergents. Les amis se cherchent, se forcent, jouent, chantent, font semblant, jusqu\u2019\u00e0 un incident ravageur qui met un terme brutal aux illusions des uns et des autres.<\/p>\n\n\n\n<p class=\"has-text-align-left\" style=\"font-size:0.7rem\">Directed <strong>Cathy Verney<\/strong><br>Producteur d\u00e9l\u00e9gu\u00e9 <strong>Emmanuel Fran\u00e7ois<\/strong><br>Productrice associ\u00e9e <strong>Tamara Setton<\/strong><br>Interpr\u00e9tation <strong>Natacha Koutchumov<\/strong>, <strong>Katia Lewkowicz<\/strong>,<strong> Charlie Dupont<\/strong>, <strong>Renan Carteaux<\/strong>, <strong>Alexandre Lier<\/strong>, <strong>Louis Talbot<\/strong>, <strong>Tanguy Renaud<\/strong> et <strong>C\u00e9leste Ohrel<\/strong><br>D.O.P. <strong>Vincent Muller<\/strong><br>Music <strong>Low Entertainment<\/strong>, <strong>Alexandre Lier<\/strong>, <strong>Sylvain Ohrel<\/strong>, <strong>Nicolas Weil<\/strong><br><br>With the participation of <strong>France T\u00e9l\u00e9visions<\/strong> &#8211; <strong>France 2 \u00ab\u00a0Histoires courtes<\/strong>\u00ab\u00a0<br>And the participation of <strong>Centre national du cin\u00e9ma et de l\u2019image anim\u00e9e<\/strong>, de la <strong>R\u00e9gion Picardie<\/strong> et de <strong>ADAMI<\/strong><br>Produced by <strong>Emmanuel Fran\u00e7ois<\/strong><br><strong>\u00a9 Brotherfilms \u2013 2009<\/strong><\/p>\n\n\n\n<p class=\"has-secondary-color has-text-color\" style=\"font-size:0.7rem\"><strong>Prix du Public et Prix du Rire<\/strong> (Festival International du Court M\u00e9trage de Clermont-Ferrand 2010)<br><strong>1<sup>er<\/sup> Prix de la S\u00e9lection Fran\u00e7aise<\/strong> (Festival International S\u00e9quence Court-M\u00e9trage 2010)<br><strong>Grand Prix du Jury<\/strong> (Festival du Cin\u00e9ma Europ\u00e9en de Lille 2010)<\/p>\n<\/div>\n<\/div>\n\n\n\n<div style=\"height:40px\" aria-hidden=\"true\" class=\"wp-block-spacer\"><\/div>\n\n\n\n<div class=\"wp-block-columns alignwide is-layout-flex wp-container-core-columns-is-layout-28f84493 wp-block-columns-is-layout-flex\">\n<div class=\"wp-block-column is-layout-flow wp-block-column-is-layout-flow\" style=\"flex-basis:80%\">\n<h2 class=\"wp-block-heading has-text-align-left has-text-color\" style=\"color:#07c33d;font-size:clamp(24.526px, 1.533rem + ((1vw - 3.2px) * 1.872), 41px);line-height:1.2\">\u00c9TUDIANT CHERCHE LOGEMENT<\/h2>\n\n\n\n<p class=\"has-text-align-left\" style=\"font-size:0.7rem\">Directed <strong>Virginie Tumorticchi<\/strong><br>Produced by <strong>Emmanuel Fran\u00e7ois<\/strong><br>D.O.P. <strong>Michel Tardy<\/strong><br>Editng <strong>J\u00e9r\u00f4me Legrand<\/strong><br><br>With the participation of <strong>France T\u00e9l\u00e9visions<\/strong> &#8211; <strong>France 5<\/strong><br>And the participation of <strong>Centre national du cin\u00e9ma et de l\u2019image anim\u00e9e<\/strong><br><strong>\u00a9 Brotherfilms \u2013 2010<\/strong><\/p>\n\n\n\n<p class=\"has-text-align-left\" style=\"font-size:0.7rem\"><br><\/p>\n<\/div>\n\n\n\n<div class=\"wp-block-column is-layout-flow wp-block-column-is-layout-flow\" style=\"flex-basis:66.66%\"><\/div>\n<\/div>\n\n\n\n<div style=\"height:40px\" aria-hidden=\"true\" class=\"wp-block-spacer\"><\/div>\n\n\n\n<div class=\"wp-block-columns alignwide is-layout-flex wp-container-core-columns-is-layout-28f84493 wp-block-columns-is-layout-flex\">\n<div class=\"wp-block-column is-layout-flow wp-block-column-is-layout-flow\" style=\"flex-basis:80%\">\n<h2 class=\"wp-block-heading has-text-align-left has-text-color\" style=\"color:#2880b2;font-size:clamp(24.526px, 1.533rem + ((1vw - 3.2px) * 1.872), 41px);line-height:1.2\">GUJARAT, L\u2019\u00c9GLISE DES PARIAS<\/h2>\n\n\n\n<p class=\"has-small-font-size\">Au 1er si\u00e8cle apr\u00e8s J\u00e9sus Christ, Saint Thomas l\u2019Ap\u00f4tre aurait atteint le sud de l\u2019Inde pour y \u00ab propager la Bonne Nouvelle \u00bb. Deux mille ans apr\u00e8s, l\u2019\u00c9glise catholique Indienne est forte d\u2019une communaut\u00e9 de 15 millions de croyants. Si elle ne repr\u00e9sente que 1,5% de la population du pays, elle est tr\u00e8s visible gr\u00e2ce \u00e0 la force de ses \u00e9coles o\u00f9 se pr\u00e9cipite l\u2019\u00e9lite de la soci\u00e9t\u00e9, qu\u2019elle soit chr\u00e9tienne, musulmane ou hindoue.<br><br>Dans le sud du pays la pr\u00e9sence catholique est ancienne et bien \u00e9tablie. L\u2019histoire est diff\u00e9rente dans les \u00c9tats du Nord de l\u2019Inde particuli\u00e8rement au Gujarat o\u00f9 Narendra Modi fut le gouverneur. Dans cet \u00e9tat de l\u2019ouest de l\u2019Inde, la pr\u00e9sence de l\u2019\u00c9glise catholique \u2013 et ses 150.000 membres \u2013 est plus r\u00e9cente.<\/p>\n\n\n\n<p class=\"has-text-align-left\" style=\"font-size:0.7rem\">Directed <strong>Ranwa Stephan<\/strong><br>Produced by <strong>Emmanuel Fran\u00e7ois<\/strong>, <strong>Arnaud de Coral<\/strong> et<strong> R\u00e9my Bossard<\/strong><br>D.O.P. <strong>Emmanuel Fran\u00e7ois<\/strong><br>Editng <strong>Karine Allenbach<\/strong><br><br>Une production <strong>3 Fr\u00e8res Productions &#8211; Brotherfilms<\/strong> et <strong>CFRT<\/strong><br>With the participation of <strong>France T\u00e9l\u00e9visions<\/strong> &#8211; <strong>France 2<\/strong><br>Et de la <strong><strong>Mission \u00c9trang\u00e8re de Paris (MEP)<\/strong><\/strong><br><\/p>\n\n\n\n<p class=\"has-text-align-left\" style=\"font-size:0.7rem\"><br><\/p>\n<\/div>\n\n\n\n<div class=\"wp-block-column is-layout-flow wp-block-column-is-layout-flow\" style=\"flex-basis:66.66%\"><\/div>\n<\/div>\n\n\n\n<div style=\"height:40px\" aria-hidden=\"true\" class=\"wp-block-spacer\"><\/div>\n\n\n\n<div class=\"wp-block-columns alignwide is-layout-flex wp-container-core-columns-is-layout-28f84493 wp-block-columns-is-layout-flex\">\n<div class=\"wp-block-column is-layout-flow wp-block-column-is-layout-flow\" style=\"flex-basis:80%\">\n<h2 class=\"wp-block-heading has-text-align-left has-text-color\" style=\"color:#b32786;font-size:clamp(24.526px, 1.533rem + ((1vw - 3.2px) * 1.872), 41px);line-height:1.2\">AD VITAM<\/h2>\n\n\n\n<p class=\"has-text-align-left has-small-font-size\">La Soci\u00e9t\u00e9 des Missions \u00c9trang\u00e8res de Paris a surmont\u00e9 bien des obstacles au cours de son histoire mais elle n\u2019a cess\u00e9, trois si\u00e8cles et demi durant, de former et d\u2019envoyer des missionnaires en Extr\u00eame-Orient.<br><br>Comment est-elle parvenue \u00e0 traverser les si\u00e8cles et \u00e0 surmonter les revers de l\u2019histoire ? Quel h\u00e9ritage les premiers missionnaires ont-ils l\u00e9gu\u00e9 \u00e0 leurs successeurs ? Quel r\u00f4le s\u2019assignent aujourd\u2019hui, dans notre monde globalis\u00e9, les Missions \u00c9trang\u00e8res de Paris ? Que signifie la vocation de missionnaire ? Comment le sens des missions a-t-il \u00e9volu\u00e9 au cours des si\u00e8cles ?<\/p>\n\n\n\n<p class=\"has-text-align-left\" style=\"font-size:0.7rem\">Directed <strong>Josselin Charier<\/strong> et <strong>Emmanuel Fran\u00e7ois<\/strong><br>D.O.P.<strong> Olivier Raffet <\/strong>et <strong>Julien Pradinaud<\/strong><br>Editng <strong>Guy Beauch\u00e9<\/strong><br>Production d\u00e9l\u00e9gu\u00e9e <strong>CC&amp;C<\/strong>, <strong>Louis Vaudeville<\/strong><br>Production ex\u00e9cutive <strong>Emmanuel Fran\u00e7ois<\/strong> &#8211; <strong>3 Fr\u00e8res Productions &#8211; Brotherfilms<\/strong><br>With the participation of <strong>KTO<\/strong><\/p>\n\n\n\n<p class=\"has-text-align-left\" style=\"font-size:0.7rem\"><br><\/p>\n<\/div>\n\n\n\n<div class=\"wp-block-column is-layout-flow wp-block-column-is-layout-flow\" style=\"flex-basis:66.66%\"><\/div>\n<\/div>\n\n\n\n<p><\/p>\n\n\n\n<p><\/p>","protected":false},"excerpt":{"rendered":"<p>HEC, admis sans les codes \u00c0 la suite d\u2019un concours ultra s\u00e9lectif, Isabelle, Tom et Victor viennent d\u2019\u00eatre admis \u00e0 HEC. Mais dans cette \u00e9cole qui a form\u00e9 de nombreux ministres, des patrons du CAC 40, et m\u00eame un ancien pr\u00e9sident de la R\u00e9publique, les trois \u00e9tudiants d\u00e9tonnent. Leurs parents sont poissonnier, facteur, artiste de [&hellip;]<\/p>","protected":false},"author":1,"featured_media":0,"parent":0,"menu_order":0,"comment_status":"closed","ping_status":"closed","template":"","meta":{"footnotes":""},"class_list":["post-9","page","type-page","status-publish","hentry"],"_links":{"self":[{"href":"https:\/\/www.brotherfilms.fr\/en\/wp-json\/wp\/v2\/pages\/9","targetHints":{"allow":["GET"]}}],"collection":[{"href":"https:\/\/www.brotherfilms.fr\/en\/wp-json\/wp\/v2\/pages"}],"about":[{"href":"https:\/\/www.brotherfilms.fr\/en\/wp-json\/wp\/v2\/types\/page"}],"author":[{"embeddable":true,"href":"https:\/\/www.brotherfilms.fr\/en\/wp-json\/wp\/v2\/users\/1"}],"replies":[{"embeddable":true,"href":"https:\/\/www.brotherfilms.fr\/en\/wp-json\/wp\/v2\/comments?post=9"}],"version-history":[{"count":29,"href":"https:\/\/www.brotherfilms.fr\/en\/wp-json\/wp\/v2\/pages\/9\/revisions"}],"predecessor-version":[{"id":393,"href":"https:\/\/www.brotherfilms.fr\/en\/wp-json\/wp\/v2\/pages\/9\/revisions\/393"}],"wp:attachment":[{"href":"https:\/\/www.brotherfilms.fr\/en\/wp-json\/wp\/v2\/media?parent=9"}],"curies":[{"name":"wp","href":"https:\/\/api.w.org\/{rel}","templated":true}]}}